{"id":4616,"date":"2022-11-14T12:38:16","date_gmt":"2022-11-14T11:38:16","guid":{"rendered":"https:\/\/www.arge-auto.at\/?page_id=4616"},"modified":"2024-02-02T08:36:17","modified_gmt":"2024-02-02T07:36:17","slug":"barrierefreiheit","status":"publish","type":"page","link":"https:\/\/www.arge-auto.at\/en\/barrierefreiheit\/","title":{"rendered":"Barrierefreiheit"},"content":{"rendered":"<p><div class=\"fusion-fullwidth fullwidth-box fusion-builder-row-1 fusion-flex-container has-pattern-background has-mask-background nonhundred-percent-fullwidth non-hundred-percent-height-scrolling\" style=\"--awb-background-position:right center;--awb-background-blend-mode:screen;--awb-border-radius-top-left:0px;--awb-border-radius-top-right:0px;--awb-border-radius-bottom-right:0px;--awb-border-radius-bottom-left:0px;--awb-background-image:linear-gradient(180deg, #0056a4 0%,#052040 100%);--awb-flex-wrap:wrap;\" ><div class=\"fusion-builder-row fusion-row fusion-flex-align-items-flex-start fusion-flex-content-wrap\" style=\"max-width:1664px;margin-left: calc(-4% \/ 2 );margin-right: calc(-4% \/ 2 );\"><div class=\"fusion-layout-column fusion_builder_column fusion-builder-column-0 fusion_builder_column_3_4 3_4 fusion-flex-column\" style=\"--awb-bg-size:cover;--awb-width-large:75%;--awb-margin-top-large:0px;--awb-spacing-right-large:2.56%;--awb-margin-bottom-large:20px;--awb-spacing-left-large:2.56%;--awb-width-medium:75%;--awb-order-medium:0;--awb-spacing-right-medium:2.56%;--awb-spacing-left-medium:2.56%;--awb-width-small:100%;--awb-order-small:0;--awb-spacing-right-small:1.92%;--awb-spacing-left-small:1.92%;\"><div class=\"fusion-column-wrapper fusion-column-has-shadow fusion-flex-justify-content-flex-start fusion-content-layout-column\"><div class=\"fusion-title title fusion-title-1 fusion-sep-none fusion-title-text fusion-title-size-one\" style=\"--awb-text-color:#ffffff;--awb-margin-bottom:30px;\"><h1 class=\"fusion-title-heading title-heading-left fusion-responsive-typography-calculated\" style=\"margin:0;--fontSize:54;line-height:1.16;\">Barrierefreiheit<\/h1><\/div><div class=\"fusion-text fusion-text-1\"><p style=\"color: #ffffff;\">Erkl\u00e4rung zur Barrierefreiheit gem\u00e4\u00df der Richtlinie (EU) 2016\/2102 des Europ\u00e4ischen Parlaments und des Rates \u00fcber den barrierefreien Zugang zu den Websites und mobilen Anwendungen \u00f6ffentlicher Stellen<\/p>\n<\/div><\/div><\/div><\/div><\/div><div class=\"fusion-fullwidth fullwidth-box fusion-builder-row-2 fusion-flex-container has-pattern-background has-mask-background nonhundred-percent-fullwidth non-hundred-percent-height-scrolling\" style=\"--awb-border-radius-top-left:0px;--awb-border-radius-top-right:0px;--awb-border-radius-bottom-right:0px;--awb-border-radius-bottom-left:0px;--awb-flex-wrap:wrap;\" ><div class=\"fusion-builder-row fusion-row fusion-flex-align-items-flex-start fusion-flex-content-wrap\" style=\"max-width:1664px;margin-left: calc(-4% \/ 2 );margin-right: calc(-4% \/ 2 );\"><div class=\"fusion-layout-column fusion_builder_column fusion-builder-column-1 fusion_builder_column_3_4 3_4 fusion-flex-column\" style=\"--awb-bg-size:cover;--awb-width-large:75%;--awb-margin-top-large:0px;--awb-spacing-right-large:2.56%;--awb-margin-bottom-large:20px;--awb-spacing-left-large:2.56%;--awb-width-medium:75%;--awb-order-medium:0;--awb-spacing-right-medium:2.56%;--awb-spacing-left-medium:2.56%;--awb-width-small:100%;--awb-order-small:0;--awb-spacing-right-small:1.92%;--awb-spacing-left-small:1.92%;\"><div class=\"fusion-column-wrapper fusion-column-has-shadow fusion-flex-justify-content-flex-start fusion-content-layout-column\"><div class=\"fusion-text fusion-text-2\"><p>Die ARGE Automotive Zulieferindustrie ist bem\u00fcht, ihre Webseite im Einklang mit dem Web-Zug\u00e4nglichkeits-Gesetz (WZG) idgF zur Umsetzung der Richtlinie (EU) 2016\/2102 des Europ\u00e4ischen Parlaments und des Rates vom 26. Oktober 2016 \u00fcber den barrierefreien Zugang zu den Websites und mobilen Anwendungen \u00f6ffentlicher Stellen (Amtsblatt L 327 vom 2.12.2016, S. 1) barrierefrei zug\u00e4nglich zu machen.<\/p>\n<p>Diese Erkl\u00e4rung zur Barrierefreiheit gilt f\u00fcr die Webseite www.arge-auto.at<\/p>\n<\/div><\/div><\/div><div class=\"fusion-layout-column fusion_builder_column fusion-builder-column-2 fusion_builder_column_3_4 3_4 fusion-flex-column\" style=\"--awb-bg-size:cover;--awb-width-large:75%;--awb-margin-top-large:0px;--awb-spacing-right-large:2.56%;--awb-margin-bottom-large:20px;--awb-spacing-left-large:2.56%;--awb-width-medium:75%;--awb-order-medium:0;--awb-spacing-right-medium:2.56%;--awb-spacing-left-medium:2.56%;--awb-width-small:100%;--awb-order-small:0;--awb-spacing-right-small:1.92%;--awb-spacing-left-small:1.92%;\"><div class=\"fusion-column-wrapper fusion-column-has-shadow fusion-flex-justify-content-flex-start fusion-content-layout-column\"><div class=\"fusion-text fusion-text-3 fusion-text-no-margin pre-title\" style=\"--awb-content-alignment:left;--awb-text-transform:uppercase;--awb-text-color:var(--awb-color7);--awb-margin-bottom:15px;--awb-text-font-family:&quot;ff-meta-web-pro&quot;;--awb-text-font-style:normal;--awb-text-font-weight:500;\"><p style=\"color: var(--awb-color5);\">Erstellung dieser Erkl\u00e4rung zur Barrierefreiheit<\/p>\n<\/div><div class=\"fusion-text fusion-text-4\"><p>Diese Erkl\u00e4rung wurde am 24.11.2022 erstellt. Die ARGE Automotive Zulieferindustrie Webseite wurde im Herbst 2022 gestaltet. F\u00fcr die Erkl\u00e4rung wurde ein Selbsttest durchgef\u00fchrt. Die Erkl\u00e4rung wurde zuletzt am 24.11.2022 \u00fcberpr\u00fcft.<\/p>\n<\/div><\/div><\/div><div class=\"fusion-layout-column fusion_builder_column fusion-builder-column-3 fusion_builder_column_3_4 3_4 fusion-flex-column\" style=\"--awb-bg-size:cover;--awb-width-large:75%;--awb-margin-top-large:0px;--awb-spacing-right-large:2.56%;--awb-margin-bottom-large:20px;--awb-spacing-left-large:2.56%;--awb-width-medium:75%;--awb-order-medium:0;--awb-spacing-right-medium:2.56%;--awb-spacing-left-medium:2.56%;--awb-width-small:100%;--awb-order-small:0;--awb-spacing-right-small:1.92%;--awb-spacing-left-small:1.92%;\"><div class=\"fusion-column-wrapper fusion-column-has-shadow fusion-flex-justify-content-flex-start fusion-content-layout-column\"><div class=\"fusion-text fusion-text-5 fusion-text-no-margin pre-title\" style=\"--awb-content-alignment:left;--awb-text-transform:uppercase;--awb-text-color:var(--awb-color7);--awb-margin-bottom:15px;--awb-text-font-family:&quot;ff-meta-web-pro&quot;;--awb-text-font-style:normal;--awb-text-font-weight:500;\"><p style=\"color: var(--awb-color5);\">Stand der Vereinbarkeit mit den Anforderungen<\/p>\n<\/div><div class=\"fusion-text fusion-text-6\"><p>Diese Website ist wegen der folgenden Unvereinbarkeiten und Ausnahmen teilweise mit Konformit\u00e4tsstufe AA der \u201eRichtlinien f\u00fcr barrierefreie Webinhalte Web \u2013 WCAG 2.1\u201c beziehungsweise mit dem geltenden Europ\u00e4ischen Standard EN 301 549 V2.1.2 (2018-08) vereinbar.<\/p>\n<\/div><\/div><\/div><div class=\"fusion-layout-column fusion_builder_column fusion-builder-column-4 fusion_builder_column_3_4 3_4 fusion-flex-column\" style=\"--awb-bg-size:cover;--awb-width-large:75%;--awb-margin-top-large:0px;--awb-spacing-right-large:2.56%;--awb-margin-bottom-large:20px;--awb-spacing-left-large:2.56%;--awb-width-medium:75%;--awb-order-medium:0;--awb-spacing-right-medium:2.56%;--awb-spacing-left-medium:2.56%;--awb-width-small:100%;--awb-order-small:0;--awb-spacing-right-small:1.92%;--awb-spacing-left-small:1.92%;\"><div class=\"fusion-column-wrapper fusion-column-has-shadow fusion-flex-justify-content-flex-start fusion-content-layout-column\"><div class=\"fusion-text fusion-text-7 fusion-text-no-margin pre-title\" style=\"--awb-content-alignment:left;--awb-text-transform:uppercase;--awb-text-color:var(--awb-color7);--awb-margin-bottom:15px;--awb-text-font-family:&quot;ff-meta-web-pro&quot;;--awb-text-font-style:normal;--awb-text-font-weight:500;\"><p style=\"color: var(--awb-color5);\">Nicht barrierefreie Inhalte<\/p>\n<\/div><div class=\"fusion-text fusion-text-8\"><p><b>1. PDF<\/b><\/p>\n<p>Viele, vorwiegend \u00e4ltere PDF-Dokumente und Office-Dokumente sind nicht barrierefrei. Beispielsweise sind PDF-Dokumente nicht getaggt, sodass sie von Screenreadern nicht oder nur unzureichend erfasst und genutzt werden k\u00f6nnen. Damit ist das WCAG Erfolgskriterium 4.1.2 (Name, Rolle, Wert) nicht erf\u00fcllt. Teilen Sie uns bitte mit, wenn Sie Schwierigkeiten mit konkreten Dokumenten haben. Wir bereiten den Inhalt auf Anfrage barrierefrei auf und tauschen die Dokumente in Folge aus beziehungsweise erg\u00e4nzen diese um barrierefreie Alternativen.<\/p>\n<p><b>2. Diagramme &amp; Grafiken<\/b><\/p>\n<p>Auf einzelnen Seiten werden Grafiken zur weiteren Erkl\u00e4rung von Inhalten, zum Beispiel Datenaufbereitungen mittels Diagrammen, eingebunden. Diese k\u00f6nnen von Screenreader-Benutzern nicht oder nur unzureichend erfasst werden. Damit sind die WCAG Erfolgskriterien 1.4.4 (Skalierbarkeit von Text), 1.4.5 (Text statt Bilder) und 4.1.2 (Name, Rolle, Wert) nicht erf\u00fcllt. Teilen Sie uns bitte mit, wenn Sie Schwierigkeiten mit konkreten Dokumenten haben. Wir bereiten den Inhalt auf Anfrage barrierefrei auf und tauschen die Dokumente in Folge aus beziehungsweise erg\u00e4nzen diese um barrierefreie Alternativen.<\/p>\n<p><b>3. Bilder<\/b><\/p>\n<p>Unsere Bilder sollten alle \u00fcber einen Alternativtext verf\u00fcgen, sodass diese Information f\u00fcr Screenreader-Benutzer zug\u00e4nglich ist. Sollte Ihnen ein Bild ohne Alternativtext auffallen, geben Sie uns bitte umgehend Bescheid.<\/p>\n<p><b>4. Die Inhalte fallen nicht in den Anwendungsbereich der anwendbaren Rechtsvorschriften<\/b><\/p>\n<p>Inhalte von Dritten, beispielsweise Studien oder Pr\u00e4sentationsmaterialien von externen Vortragenden, die nicht im Einflussbereich der ARGE Automotive Zulieferindustrie liegen, sind von der Richtlinie (EU) 2016\/2102 ausgenommen. F\u00fcr diese Inhalte Dritter kann bez\u00fcglich Vereinbarkeit mit Barrierefreiheitsbestimmungen keine Aussage getroffen werden.<\/p>\n<\/div><\/div><\/div><div class=\"fusion-layout-column fusion_builder_column fusion-builder-column-5 fusion_builder_column_3_4 3_4 fusion-flex-column\" style=\"--awb-bg-size:cover;--awb-width-large:75%;--awb-margin-top-large:0px;--awb-spacing-right-large:2.56%;--awb-margin-bottom-large:20px;--awb-spacing-left-large:2.56%;--awb-width-medium:75%;--awb-order-medium:0;--awb-spacing-right-medium:2.56%;--awb-spacing-left-medium:2.56%;--awb-width-small:100%;--awb-order-small:0;--awb-spacing-right-small:1.92%;--awb-spacing-left-small:1.92%;\"><div class=\"fusion-column-wrapper fusion-column-has-shadow fusion-flex-justify-content-flex-start fusion-content-layout-column\"><div class=\"fusion-text fusion-text-9 fusion-text-no-margin pre-title\" style=\"--awb-content-alignment:left;--awb-text-transform:uppercase;--awb-text-color:var(--awb-color7);--awb-margin-bottom:15px;--awb-text-font-family:&quot;ff-meta-web-pro&quot;;--awb-text-font-style:normal;--awb-text-font-weight:500;\"><p style=\"color: var(--awb-color5);\">Feedback und Kontaktangaben<\/p>\n<\/div><div class=\"fusion-text fusion-text-10\"><p>Die Angebote und Services auf dieser Website werden laufend verbessert, ausgetauscht und ausgebaut. Dabei sind uns die Bedienbarkeit und Zug\u00e4nglichkeit ein gro\u00dfes Anliegen.<\/p>\n<p>Wenn Ihnen Barrieren auffallen, die Sie an der Benutzung unserer Website behindern \u2013 Probleme, die in dieser Erkl\u00e4rung nicht beschrieben sind, M\u00e4ngel in Bezug auf die Einhaltung der Barrierefreiheitsanforderungen \u2013 so bitten wir Sie, uns diese per E\u2011Mail mitzuteilen. Wir werden Ihre Anfrage pr\u00fcfen und Sie ehestm\u00f6glich kontaktieren.<\/p>\n<p>S\u00e4mtliche Mitteilungen und Anregungen senden Sie uns bitte an office@arge-auto.at mit dem Betreff \u201eMeldung einer Barriere in der Webseite www.arge-auto.at\u201c. Bitte beschreiben Sie das Problem und f\u00fchren Sie uns die URL(s) der betroffenen Webseite oder des Dokuments an.<\/p>\n<\/div><\/div><\/div><div class=\"fusion-layout-column fusion_builder_column fusion-builder-column-6 fusion_builder_column_3_4 3_4 fusion-flex-column\" style=\"--awb-bg-size:cover;--awb-width-large:75%;--awb-margin-top-large:0px;--awb-spacing-right-large:2.56%;--awb-margin-bottom-large:20px;--awb-spacing-left-large:2.56%;--awb-width-medium:75%;--awb-order-medium:0;--awb-spacing-right-medium:2.56%;--awb-spacing-left-medium:2.56%;--awb-width-small:100%;--awb-order-small:0;--awb-spacing-right-small:1.92%;--awb-spacing-left-small:1.92%;\"><div class=\"fusion-column-wrapper fusion-column-has-shadow fusion-flex-justify-content-flex-start fusion-content-layout-column\"><div class=\"fusion-text fusion-text-11 fusion-text-no-margin pre-title\" style=\"--awb-content-alignment:left;--awb-text-transform:uppercase;--awb-text-color:var(--awb-color7);--awb-margin-bottom:15px;--awb-text-font-family:&quot;ff-meta-web-pro&quot;;--awb-text-font-style:normal;--awb-text-font-weight:500;\"><p style=\"color: var(--awb-color5);\">Durchsetzungsverfahren<\/p>\n<\/div><div class=\"fusion-text fusion-text-12\"><p>Bei nicht zufriedenstellenden Antworten aus oben genannter Kontaktm\u00f6glichkeit k\u00f6nnen Sie sich mittels Beschwerde an die \u00d6sterreichische Forschungsf\u00f6rderungsgesellschaft mit beschr\u00e4nkter Haftung (FFG) wenden. Die FFG nimmt \u00fcber das Kontaktformular Beschwerden auf elektronischem Weg entgegen.<\/p>\n<p><u><a href=\"https:\/\/www.ffg.at\/form\/kontaktformular-beschwerdestelle\" target=\"_blank\" rel=\"noopener noreferrer\">Kontaktformular der Beschwerdestelle<\/a><\/u><\/p>\n<p>Die Beschwerden werden von der FFG dahingehend gepr\u00fcft, ob sie sich auf Verst\u00f6\u00dfe gegen die Vorgaben des Web-Zug\u00e4nglichkeits-Gesetzes, insbesondere M\u00e4ngel bei der Einhaltung der Barrierefreiheitsanforderungen, durch den Bund oder einer ihm zuordenbaren Einrichtung beziehen. Sofern die Beschwerde berechtigt ist, hat die FFG dem Bund oder den betroffenen Rechtstr\u00e4gern Handlungsempfehlungen auszusprechen und Ma\u00dfnahmen vorzuschlagen, die der Beseitigung der vorliegenden M\u00e4ngel dienen.<\/p>\n<p><u><a href=\"https:\/\/www.ffg.at\/digitale-barrierefreiheit\/digitales-zugaenglich-machen\/beschwerdestelle\" target=\"_blank\" rel=\"noopener noreferrer\">Weitere Informationen zum Beschwerdeverfahren<\/a><\/u><\/p>\n<\/div><\/div><\/div><\/div><\/div><\/p>\n","protected":false},"excerpt":{"rendered":"","protected":false},"author":1,"featured_media":0,"parent":0,"menu_order":0,"comment_status":"closed","ping_status":"closed","template":"100-width.php","meta":{"_acf_changed":false,"footnotes":""},"class_list":["post-4616","page","type-page","status-publish","hentry"],"acf":[],"yoast_head":"<!-- This site is optimized with the Yoast SEO plugin v27.4 - https:\/\/yoast.com\/product\/yoast-seo-wordpress\/ -->\n<title>Barrierefreiheit - ARGE Automotive Zulieferindustrie<\/title>\n<meta name=\"robots\" content=\"index, follow, max-snippet:-1, max-image-preview:large, max-video-preview:-1\" \/>\n<link rel=\"canonical\" href=\"https:\/\/www.arge-auto.at\/en\/barrierefreiheit\/\" \/>\n<meta property=\"og:locale\" content=\"en_US\" \/>\n<meta property=\"og:type\" content=\"article\" \/>\n<meta property=\"og:title\" content=\"Barrierefreiheit - ARGE Automotive Zulieferindustrie\" \/>\n<meta property=\"og:url\" content=\"https:\/\/www.arge-auto.at\/en\/barrierefreiheit\/\" \/>\n<meta property=\"og:site_name\" content=\"ARGE Automotive Zulieferindustrie\" \/>\n<meta property=\"article:modified_time\" content=\"2024-02-02T07:36:17+00:00\" \/>\n<meta name=\"twitter:card\" content=\"summary_large_image\" \/>\n<script type=\"application\/ld+json\" class=\"yoast-schema-graph\">{\"@context\":\"https:\\\/\\\/schema.org\",\"@graph\":[{\"@type\":\"WebPage\",\"@id\":\"https:\\\/\\\/www.arge-auto.at\\\/en\\\/barrierefreiheit\\\/\",\"url\":\"https:\\\/\\\/www.arge-auto.at\\\/en\\\/barrierefreiheit\\\/\",\"name\":\"Barrierefreiheit - ARGE Automotive Zulieferindustrie\",\"isPartOf\":{\"@id\":\"https:\\\/\\\/www.arge-auto.at\\\/en\\\/#website\"},\"datePublished\":\"2022-11-14T11:38:16+00:00\",\"dateModified\":\"2024-02-02T07:36:17+00:00\",\"breadcrumb\":{\"@id\":\"https:\\\/\\\/www.arge-auto.at\\\/en\\\/barrierefreiheit\\\/#breadcrumb\"},\"inLanguage\":\"en-US\",\"potentialAction\":[{\"@type\":\"ReadAction\",\"target\":[\"https:\\\/\\\/www.arge-auto.at\\\/en\\\/barrierefreiheit\\\/\"]}]},{\"@type\":\"BreadcrumbList\",\"@id\":\"https:\\\/\\\/www.arge-auto.at\\\/en\\\/barrierefreiheit\\\/#breadcrumb\",\"itemListElement\":[{\"@type\":\"ListItem\",\"position\":1,\"name\":\"Startseite\",\"item\":\"https:\\\/\\\/www.arge-auto.at\\\/en\\\/\"},{\"@type\":\"ListItem\",\"position\":2,\"name\":\"Barrierefreiheit\"}]},{\"@type\":\"WebSite\",\"@id\":\"https:\\\/\\\/www.arge-auto.at\\\/en\\\/#website\",\"url\":\"https:\\\/\\\/www.arge-auto.at\\\/en\\\/\",\"name\":\"Automotive Zulieferindustrie\",\"description\":\"Wir f\u00f6rdern die Liefer- und Kooperationsf\u00e4higkeit der \u00f6sterreichischen Automotiven Zulieferindustrie\",\"publisher\":{\"@id\":\"https:\\\/\\\/www.arge-auto.at\\\/en\\\/#organization\"},\"alternateName\":\"ARGE-Auto\",\"potentialAction\":[{\"@type\":\"SearchAction\",\"target\":{\"@type\":\"EntryPoint\",\"urlTemplate\":\"https:\\\/\\\/www.arge-auto.at\\\/en\\\/?s={search_term_string}\"},\"query-input\":{\"@type\":\"PropertyValueSpecification\",\"valueRequired\":true,\"valueName\":\"search_term_string\"}}],\"inLanguage\":\"en-US\"},{\"@type\":\"Organization\",\"@id\":\"https:\\\/\\\/www.arge-auto.at\\\/en\\\/#organization\",\"name\":\"Automotive Zulieferindustrie\",\"alternateName\":\"ARGE-Auto\",\"url\":\"https:\\\/\\\/www.arge-auto.at\\\/en\\\/\",\"logo\":{\"@type\":\"ImageObject\",\"inLanguage\":\"en-US\",\"@id\":\"https:\\\/\\\/www.arge-auto.at\\\/en\\\/#\\\/schema\\\/logo\\\/image\\\/\",\"url\":\"https:\\\/\\\/www.arge-auto.at\\\/wp-content\\\/uploads\\\/2022\\\/11\\\/Open-Graph-3.0.png\",\"contentUrl\":\"https:\\\/\\\/www.arge-auto.at\\\/wp-content\\\/uploads\\\/2022\\\/11\\\/Open-Graph-3.0.png\",\"width\":1200,\"height\":600,\"caption\":\"Automotive Zulieferindustrie\"},\"image\":{\"@id\":\"https:\\\/\\\/www.arge-auto.at\\\/en\\\/#\\\/schema\\\/logo\\\/image\\\/\"}}]}<\/script>\n<!-- \/ Yoast SEO plugin. -->","yoast_head_json":{"title":"Barrierefreiheit - ARGE Automotive Zulieferindustrie","robots":{"index":"index","follow":"follow","max-snippet":"max-snippet:-1","max-image-preview":"max-image-preview:large","max-video-preview":"max-video-preview:-1"},"canonical":"https:\/\/www.arge-auto.at\/en\/barrierefreiheit\/","og_locale":"en_US","og_type":"article","og_title":"Barrierefreiheit - ARGE Automotive Zulieferindustrie","og_url":"https:\/\/www.arge-auto.at\/en\/barrierefreiheit\/","og_site_name":"ARGE Automotive Zulieferindustrie","article_modified_time":"2024-02-02T07:36:17+00:00","twitter_card":"summary_large_image","schema":{"@context":"https:\/\/schema.org","@graph":[{"@type":"WebPage","@id":"https:\/\/www.arge-auto.at\/en\/barrierefreiheit\/","url":"https:\/\/www.arge-auto.at\/en\/barrierefreiheit\/","name":"Barrierefreiheit - ARGE Automotive Zulieferindustrie","isPartOf":{"@id":"https:\/\/www.arge-auto.at\/en\/#website"},"datePublished":"2022-11-14T11:38:16+00:00","dateModified":"2024-02-02T07:36:17+00:00","breadcrumb":{"@id":"https:\/\/www.arge-auto.at\/en\/barrierefreiheit\/#breadcrumb"},"inLanguage":"en-US","potentialAction":[{"@type":"ReadAction","target":["https:\/\/www.arge-auto.at\/en\/barrierefreiheit\/"]}]},{"@type":"BreadcrumbList","@id":"https:\/\/www.arge-auto.at\/en\/barrierefreiheit\/#breadcrumb","itemListElement":[{"@type":"ListItem","position":1,"name":"Startseite","item":"https:\/\/www.arge-auto.at\/en\/"},{"@type":"ListItem","position":2,"name":"Barrierefreiheit"}]},{"@type":"WebSite","@id":"https:\/\/www.arge-auto.at\/en\/#website","url":"https:\/\/www.arge-auto.at\/en\/","name":"Automotive Zulieferindustrie","description":"Wir f\u00f6rdern die Liefer- und Kooperationsf\u00e4higkeit der \u00f6sterreichischen Automotiven Zulieferindustrie","publisher":{"@id":"https:\/\/www.arge-auto.at\/en\/#organization"},"alternateName":"ARGE-Auto","potentialAction":[{"@type":"SearchAction","target":{"@type":"EntryPoint","urlTemplate":"https:\/\/www.arge-auto.at\/en\/?s={search_term_string}"},"query-input":{"@type":"PropertyValueSpecification","valueRequired":true,"valueName":"search_term_string"}}],"inLanguage":"en-US"},{"@type":"Organization","@id":"https:\/\/www.arge-auto.at\/en\/#organization","name":"Automotive Zulieferindustrie","alternateName":"ARGE-Auto","url":"https:\/\/www.arge-auto.at\/en\/","logo":{"@type":"ImageObject","inLanguage":"en-US","@id":"https:\/\/www.arge-auto.at\/en\/#\/schema\/logo\/image\/","url":"https:\/\/www.arge-auto.at\/wp-content\/uploads\/2022\/11\/Open-Graph-3.0.png","contentUrl":"https:\/\/www.arge-auto.at\/wp-content\/uploads\/2022\/11\/Open-Graph-3.0.png","width":1200,"height":600,"caption":"Automotive Zulieferindustrie"},"image":{"@id":"https:\/\/www.arge-auto.at\/en\/#\/schema\/logo\/image\/"}}]}},"_links":{"self":[{"href":"https:\/\/www.arge-auto.at\/en\/wp-json\/wp\/v2\/pages\/4616","targetHints":{"allow":["GET"]}}],"collection":[{"href":"https:\/\/www.arge-auto.at\/en\/wp-json\/wp\/v2\/pages"}],"about":[{"href":"https:\/\/www.arge-auto.at\/en\/wp-json\/wp\/v2\/types\/page"}],"author":[{"embeddable":true,"href":"https:\/\/www.arge-auto.at\/en\/wp-json\/wp\/v2\/users\/1"}],"replies":[{"embeddable":true,"href":"https:\/\/www.arge-auto.at\/en\/wp-json\/wp\/v2\/comments?post=4616"}],"version-history":[{"count":1,"href":"https:\/\/www.arge-auto.at\/en\/wp-json\/wp\/v2\/pages\/4616\/revisions"}],"predecessor-version":[{"id":4617,"href":"https:\/\/www.arge-auto.at\/en\/wp-json\/wp\/v2\/pages\/4616\/revisions\/4617"}],"wp:attachment":[{"href":"https:\/\/www.arge-auto.at\/en\/wp-json\/wp\/v2\/media?parent=4616"}],"curies":[{"name":"wp","href":"https:\/\/api.w.org\/{rel}","templated":true}]}}